{"id":18,"date":"2025-09-01T22:53:17","date_gmt":"2025-09-01T21:53:17","guid":{"rendered":"https:\/\/www.can.pt\/?page_id=18"},"modified":"2025-09-03T23:19:45","modified_gmt":"2025-09-03T22:19:45","slug":"estatutos","status":"publish","type":"page","link":"https:\/\/www.can.pt\/index.php\/estatutos\/","title":{"rendered":"Estatutos"},"content":{"rendered":"<style>.kb-row-layout-id18_78ec87-4d > .kt-row-column-wrap{align-content:start;}:where(.kb-row-layout-id18_78ec87-4d > .kt-row-column-wrap) > .wp-block-kadence-column{justify-content:start;}.kb-row-layout-id18_78ec87-4d > .kt-row-column-wrap{column-gap:var(--global-kb-gap-md, 2rem);row-gap:var(--global-kb-gap-md, 2rem);padding-top:var(--global-kb-spacing-sm, 1.5rem);padding-bottom:var(--global-kb-spacing-sm, 1.5rem);grid-template-columns:minmax(0, 1fr);}.kb-row-layout-id18_78ec87-4d > .kt-row-layout-overlay{opacity:0.30;}@media all and (max-width: 1024px){.kb-row-layout-id18_78ec87-4d > .kt-row-column-wrap{grid-template-columns:minmax(0, 1fr);}}@media all and (max-width: 767px){.kb-row-layout-id18_78ec87-4d > .kt-row-column-wrap{grid-template-columns:minmax(0, 1fr);}}<\/style><div class=\"kb-row-layout-wrap kb-row-layout-id18_78ec87-4d alignnone wp-block-kadence-rowlayout\"><div class=\"kt-row-column-wrap kt-has-1-columns kt-row-layout-equal kt-tab-layout-inherit kt-mobile-layout-row kt-row-valign-top\">\n<style>.kadence-column18_a65016-27 > .kt-inside-inner-col,.kadence-column18_a65016-27 > .kt-inside-inner-col:before{border-top-left-radius:0px;border-top-right-radius:0px;border-bottom-right-radius:0px;border-bottom-left-radius:0px;}.kadence-column18_a65016-27 > .kt-inside-inner-col{column-gap:var(--global-kb-gap-sm, 1rem);}.kadence-column18_a65016-27 > .kt-inside-inner-col{flex-direction:column;}.kadence-column18_a65016-27 > .kt-inside-inner-col > .aligncenter{width:100%;}.kadence-column18_a65016-27 > .kt-inside-inner-col:before{opacity:0.3;}.kadence-column18_a65016-27{position:relative;}@media all and (max-width: 1024px){.kadence-column18_a65016-27 > .kt-inside-inner-col{flex-direction:column;justify-content:center;}}@media all and (max-width: 767px){.kadence-column18_a65016-27 > .kt-inside-inner-col{flex-direction:column;justify-content:center;}}<\/style>\n<div class=\"wp-block-kadence-column kadence-column18_a65016-27\"><div class=\"kt-inside-inner-col\">\n<a id=\"topo\"><\/a>\n\n\n<div class=\"wp-block-image\">\n<figure class=\"aligncenter size-full is-resized\" id=\"topo\"><img loading=\"lazy\" decoding=\"async\" width=\"620\" height=\"350\" src=\"https:\/\/www.can.pt\/wp-content\/uploads\/2025\/09\/canlogo_ori2.png\" alt=\"\" class=\"wp-image-158\" style=\"width:300px\" srcset=\"https:\/\/www.can.pt\/wp-content\/uploads\/2025\/09\/canlogo_ori2.png 620w, https:\/\/www.can.pt\/wp-content\/uploads\/2025\/09\/canlogo_ori2-300x169.png 300w\" sizes=\"auto, (max-width: 620px) 100vw, 620px\" \/><\/figure>\n<\/div>\n\n<style>.wp-block-kadence-advancedheading.kt-adv-heading18_e40259-c8, .wp-block-kadence-advancedheading.kt-adv-heading18_e40259-c8[data-kb-block=\"kb-adv-heading18_e40259-c8\"]{text-align:center;font-style:normal;}.wp-block-kadence-advancedheading.kt-adv-heading18_e40259-c8 mark.kt-highlight, .wp-block-kadence-advancedheading.kt-adv-heading18_e40259-c8[data-kb-block=\"kb-adv-heading18_e40259-c8\"] mark.kt-highlight{font-style:normal;color:#f76a0c;-webkit-box-decoration-break:clone;box-decoration-break:clone;padding-top:0px;padding-right:0px;padding-bottom:0px;padding-left:0px;}<\/style>\n<h1 class=\"kt-adv-heading18_e40259-c8 wp-block-kadence-advancedheading\" data-kb-block=\"kb-adv-heading18_e40259-c8\"><mark true=\"true\" class=\"kt-highlight\"><mark style=\"background-color:rgba(0, 0, 0, 0);color:#ff0000\" class=\"has-inline-color\">C<\/mark><\/mark>lube <mark style=\"background-color:rgba(0, 0, 0, 0);color:#ff0000\" class=\"has-inline-color\">A<\/mark>eromodelismo do <mark style=\"background-color:rgba(0, 0, 0, 0);color:#ff0000\" class=\"has-inline-color\">N<\/mark>orte<\/h1>\n\n\n\n<h2 class=\"wp-block-heading has-text-align-center\"><em>SEC\u00c7\u00c3O I<\/em><\/h2>\n\n\n\n<h5 class=\"wp-block-heading has-text-align-center\">Artigo 1\u00ba<\/h5>\n\n\n\n<p>O Clube de Aeromodelismo do Norte \u00e9 uma pessoa coletiva dotada de personalidade jur\u00eddica, baseada na vontade dos seus s\u00f3cios, que tem por objetivo sem fins lucrativos, o fomento, a orienta\u00e7\u00e3o do Aeromodelismo da Regi\u00e3o, nos seus aspetos de Ensino, Treino e Competi\u00e7\u00e3o e na perspetiva do desenvolvimento moral, mental, f\u00edsico e tecnol\u00f3gico de todos os indiv\u00edduos que se queiram inscrever no mesmo.<\/p>\n\n\n\n<h5 class=\"wp-block-heading has-text-align-center\">Artigo 2\u00ba<\/h5>\n\n\n\n<p>O Clube de Aeromodelismo do Norte, tem a sua sede definitiva no Lugar da P\u00f3voa, freguesia de Pedorido, concelho de Castelo de Paiva.<\/p>\n\n\n\n<h5 class=\"wp-block-heading has-text-align-center\">Artigo 3\u00ba<\/h5>\n\n\n\n<p>Por de libera\u00e7\u00e3o da Assembleia-geral poder\u00e1 o Clube dedicar-se \u00e0 pr\u00e1tica e desenvolvimento de outros desportos legalmente permitidos.<\/p>\n\n\n\n<h2 class=\"wp-block-heading has-text-align-center\"><em>SEC\u00c7\u00c3O II<\/em><\/h2>\n\n\n\n<h5 class=\"wp-block-heading has-text-align-center\">ORGANIZA\u00c7\u00c2O E S\u00d3CIOS<\/h5>\n\n\n\n<h5 class=\"wp-block-heading has-text-align-center\">Artigo 4\u00ba<\/h5>\n\n\n\n<p>O Clube de Aeromodelismo do Norte tem as seguintes categorias de s\u00f3cios:<br> a) \u2013 Honor\u00e1rios;<br> b) \u2013 Benem\u00e9ritos;<br> c) \u2013 Efetivos;<br> d) \u2013 Juvenis;<br> e) \u2013 Seniores;<\/p>\n\n\n\n<h5 class=\"wp-block-heading has-text-align-center\">Artigo 5\u00ba<\/h5>\n\n\n\n<p>Os Estatutos dos s\u00f3cios s\u00e3o da sua compet\u00eancia n\u00e3o podendo contudo conter mat\u00e9ria contr\u00e1ria a estes Estatutos ou aos seus princ\u00edpios gerais.<\/p>\n\n\n\n<h5 class=\"wp-block-heading has-text-align-center\">Artigo 6\u00ba<\/h5>\n\n\n\n<p>S\u00e3o s\u00f3cios honor\u00e1rios aqueles a quem em reconhecimento de relevantes servi\u00e7os prestados ao Clube ou \u00e0s prosperidades do Clube seja atribu\u00edda tal categoria.<\/p>\n\n\n\n<h5 class=\"wp-block-heading has-text-align-center\">Artigo 7\u00ba<\/h5>\n\n\n\n<p>S\u00e3o s\u00f3cios benem\u00e9ritos aqueles que contribuindo com bens materiais para benef\u00edcio do Clube sejam mediante proposta da Dire\u00e7\u00e3o admitidos pela Assembleia-geral.<\/p>\n\n\n\n<h5 class=\"wp-block-heading has-text-align-center\">Artigo 8\u00ba<\/h5>\n\n\n\n<p>S\u00e3o s\u00f3cios efetivos todos os indiv\u00edduos ou entidades que sejam admitidos nos termos destes Estatutos.<\/p>\n\n\n\n<h5 class=\"wp-block-heading has-text-align-center\">Artigo 9\u00ba<\/h5>\n\n\n\n<p>S\u00e3o s\u00f3cios juvenis todos os indiv\u00edduos at\u00e9 \u00e0 sua maioridade munidos de autoriza\u00e7\u00e3o dos pais ou tutores que gozando de boa reputa\u00e7\u00e3o e idoneidade moral tenham sido admitidos como s\u00f3cios do Clube.<\/p>\n\n\n\n<h5 class=\"wp-block-heading has-text-align-center\">Artigo 10\u00ba<\/h5>\n\n\n\n<p>S\u00e3o s\u00f3cios seniores todos os indiv\u00edduos de maioridade que tenham sido admitidos como s\u00f3cios do Clube.<\/p>\n\n\n\n<h5 class=\"wp-block-heading has-text-align-center\">ADMISS\u00c3O DE S\u00d3CIOS<\/h5>\n\n\n\n<h5 class=\"wp-block-heading has-text-align-center\">Artigo 11\u00ba<\/h5>\n\n\n\n<p>A admiss\u00e3o de s\u00f3cio efetivo deve ser requerido \u00e0 Dire\u00e7\u00e3o em proposta, devidamente assinada pelo pr\u00f3prio e acompanhada de duas fotografias (uma para a ficha e outra para o cart\u00e3o de s\u00f3cio). <br> a) \u2013 Se a Dire\u00e7\u00e3o por qualquer motivo entender n\u00e3o admitir o candidato a s\u00f3cio, pode este, por interm\u00e9dio de um s\u00f3cio efectivo recorrer dessa decis\u00e3o para a Assembleia-geral que decide em definitivo;<br> b) \u2013 A nomea\u00e7\u00e3o de associados honor\u00e1rios \u00e9 da compet\u00eancia da Assembleia-geral, mediante proposta da Dire\u00e7\u00e3o;<\/p>\n\n\n\n<h5 class=\"wp-block-heading has-text-align-center\">Artigo 12\u00ba<\/h5>\n\n\n\n<p>O associado que pretender desligar-se do Clube, dever\u00e1 comunicar por escrito \u00e0 Dire\u00e7\u00e3o at\u00e9 trinta dias antes de terminar o ano civil.<\/p>\n\n\n\n<h5 class=\"wp-block-heading has-text-align-center\">Artigo 13\u00ba<\/h5>\n\n\n\n<p>Perde a qualidade de associado:<br>a) \u2013 Aquele que deixe de pagar a j\u00f3ia de admiss\u00e3o e a sua anuidade dentro do prazo de trinta dias seguintes \u00e0 comunica\u00e7\u00e3o da sua admiss\u00e3o; <br>b) \u2013 Aquele que atrasando-se mais de dois meses no pagamento da anuidade ou outras d\u00edvidas, deixe de regularizar a situa\u00e7\u00e3o ou n\u00e3o justifique atendivelmente o atraso dentro do prazo de quinze dias depois de para isso avisado pela Direc\u00e7\u00e3o por carta registada;<br>c) \u2013 Aquele que por qualquer outro motivo for disciplinarmente exclu\u00eddo da colectividade.<\/p>\n\n\n\n<h5 class=\"wp-block-heading has-text-align-center\">Artigo 14\u00ba<\/h5>\n\n\n\n<p>S\u00e3o direitos dos s\u00f3cios:<br>a) \u2013 Usufruir das regalias consignadas nos Estatutos;<br>b) \u2013 Tomar parte nas Assembleias-gerais;<br>c) \u2013 Recorrer por escrito \u00e0 Assembleia-geral de atos que julguem lesivos dos seus direitos;<br>d) \u2013 Levar ao conhecimento da Dire\u00e7\u00e3o, atos de que tenham conhecimento e julguem contr\u00e1rios aos objetivos do Clube;<\/p>\n\n\n\n<h5 class=\"wp-block-heading has-text-align-center\">Artigo 15\u00ba<\/h5>\n\n\n\n<p>S\u00e3o deveres dos s\u00f3cios:<br>a) \u2013 Pagar as j\u00f3ias e as quotas em vigor;<br>\u00a7 \u00danico \u2013 Os s\u00f3cios honor\u00e1rios est\u00e3o isentos do pagamento de j\u00f3ias e quotas;<br>b) \u2013 Liquidar a pronto as compras que efetuar ao Clube;<br>c) \u2013 Manter sempre a sua quotiza\u00e7\u00e3o em dia;<\/p>\n\n\n\n<h2 class=\"wp-block-heading has-text-align-center\"><em>SEC\u00c7\u00c3O III<\/em><\/h2>\n\n\n\n<h5 class=\"wp-block-heading has-text-align-center\">PENALIDADES<\/h5>\n\n\n\n<h5 class=\"wp-block-heading has-text-align-center\">Artigo 16\u00ba<\/h5>\n\n\n\n<p><br>Aos s\u00f3cios podem ser aplicadas as seguintes penalidades:<br>a) \u2013 Advert\u00eancia;<br>b) \u2013 Suspens\u00e3o dos direitos sociais;<br>c) \u2013 Elimina\u00e7\u00e3o;<\/p>\n\n\n\n<h5 class=\"wp-block-heading has-text-align-center\">Artigo 17\u00ba<\/h5>\n\n\n\n<p><br>S\u00e3o motivos de san\u00e7\u00f5es disciplinares todos os atos dos s\u00f3cios que prejudiquem o Clube.<\/p>\n\n\n\n<h5 class=\"wp-block-heading has-text-align-center\">Artigo 18\u00ba<\/h5>\n\n\n\n<p>As penalidades s\u00e3o aplicadas pela Dire\u00e7\u00e3o mediante processo devidamente organizado.<br>\u00a7 \u00danico \u2013 O s\u00f3cio pode recorrer para a Assembleia-geral da penalidade imposta.<\/p>\n\n\n\n<h2 class=\"wp-block-heading has-text-align-center\"><em>SEC\u00c7\u00c3O IV<\/em><\/h2>\n\n\n\n<h5 class=\"wp-block-heading has-text-align-center\">RECEITAS<\/h5>\n\n\n\n<h5 class=\"wp-block-heading has-text-align-center\">Artigo 19\u00ba<\/h5>\n\n\n\n<p>Constituem receitas do CLUBE DE AEROMODELISMO DO NORTE as import\u00e2ncias das j\u00f3ias e quotas, bem como qualquer donativo que o Clube receba e ainda qualquer eventual rendimento.<\/p>\n\n\n\n<h2 class=\"wp-block-heading has-text-align-center\"><em>SEC\u00c7\u00c3O V<\/em><\/h2>\n\n\n\n<h5 class=\"wp-block-heading has-text-align-center\">CORPOS DIRECTIVOS<\/h5>\n\n\n\n<h5 class=\"wp-block-heading has-text-align-center\">Artigo 20\u00ba<\/h5>\n\n\n\n<p>O Clube desenvolver\u00e1 a sua atividade por interm\u00e9dio dos seguintes corpos diretivos:<br>a) \u2013 Assembleia-geral;<br>b) \u2013 Dire\u00e7\u00e3o;<br>c) \u2013 Conselho Fiscal.<\/p>\n\n\n\n<h5 class=\"wp-block-heading has-text-align-center\">Artigo 21\u00ba<\/h5>\n\n\n\n<p>A Assembleia-geral \u00e9 constitu\u00edda por todos os s\u00f3cios no pleno gozo dos seus direitos associativos e nela reside todo o poder soberano do CLUBE AEROMODELISMO DO NORTE.<br>1 &#8211; As reuni\u00f5es da Assembleia-geral s\u00e3o dirigidas por mesa composta por um presidente, um vice-presidente e um secret\u00e1rio. Na falta de qualquer dos membros da mesa os s\u00f3cios presentes nomear\u00e3o os elementos necess\u00e1rios para o seu funcionamento;<br>2 \u2013 Todas as decis\u00f5es s\u00e3o tomadas por maioria de votos dos s\u00f3cios presentes;<br>3 \u2013 A Assembleia-geral funcionar\u00e1 em primeira convocat\u00f3ria com a presen\u00e7a pelo menos de metade dos seus associados;<br>4 \u2013 A Assembleia-geral poder\u00e1 ter sess\u00f5es ordin\u00e1rias e extraordin\u00e1rias;<br>5 \u2013 A Assembleia-geral re\u00fane-se ordinariamente at\u00e9 trinta e um de Mar\u00e7o de cada ano para apreciar e votar o relat\u00f3rio e contas da Dire\u00e7\u00e3o e o parecer do Conselho Fiscal respeitantes ao exerc\u00edcio do ano anterior; para eleger os Corpos Diretivos nos anos em que tal elei\u00e7\u00e3o haja lugar e ainda para tratar de quaisquer outros assuntos de interesse para o Clube.<br>6 \u2013 A convoca\u00e7\u00e3o da Assembleia \u00e9 feita pelo Presidente com pelo menos dez dias de anteced\u00eancia por meio de aviso postal. Na convocat\u00f3ria indicar-se-\u00e1 a hora, data e local da reuni\u00e3o, assim como a respectiva \u201cOrdem do Dia\u201d.<\/p>\n\n\n\n<h5 class=\"wp-block-heading has-text-align-center\">Artigo 22\u00ba<\/h5>\n\n\n\n<p>S\u00e3o atribui\u00e7\u00f5es da Assembleia-geral:<br>a) \u2013 Eleger a Mesa da Assembleia-geral e os Corpos Diretivos para o per\u00edodo seguinte;<br>b) \u2013 Apreciar e votar o relat\u00f3rio e contas de ger\u00eancia;<br>c) Admitir os s\u00f3cios honor\u00e1rios e benem\u00e9ritos e ratificar a admiss\u00e3o de novos s\u00f3cios;<br>d) \u2013 Deliberar sobre quaisquer assuntos constantes da \u201cOrdem do Dia\u201d;<br>e) &#8211; Fixar sobre proposta da Dire\u00e7\u00e3o as quotas regulamentares dos s\u00f3cios;<br>f) &#8211; Deliberar sobre recursos de penas aplicadas pela Dire\u00e7\u00e3o.<\/p>\n\n\n\n<p><\/p>\n\n\n\n<h2 class=\"wp-block-heading has-text-align-center\"><em>SEC\u00c7\u00c3O VI<\/em><\/h2>\n\n\n\n<h5 class=\"wp-block-heading has-text-align-center\">DIREC\u00c7\u00c3O<\/h5>\n\n\n\n<h5 class=\"wp-block-heading has-text-align-center\">Artigo 23\u00ba<\/h5>\n\n\n\n<p>A Dire\u00e7\u00e3o \u00e9 o \u00f3rg\u00e3o executivo respons\u00e1vel pelas a\u00e7\u00f5es e atividades do Clube.<br>a) A Dire\u00e7\u00e3o \u00e9 composta por um presidente, um secret\u00e1rio e um tesoureiro;<br>b) O Regulamento interno da Dire\u00e7\u00e3o, no sentido do seu melhor funcionamento, \u00e9 da sua compet\u00eancia, sem preju\u00edzo de todas as suas delibera\u00e7\u00f5es terem sido tomadas com a presen\u00e7a de pelo menos tr\u00eas dos seus membros;<\/p>\n\n\n\n<h5 class=\"wp-block-heading has-text-align-center\">Artigo 24\u00ba<\/h5>\n\n\n\n<p>Compete \u00e0 Dire\u00e7\u00e3o:<br>a) \u2013 Representar oficialmente o Clube;<br>b) \u2013 Cumprir e fazer cumprir os Estatutos e os Regulamentos do Clube;<br>c) \u2013 Arrecadar as receitas e autorizar as despesas;<br>d) \u2013 Promover as atividades do Clube;<br>e) \u2013 Aplicar, mediante processo devidamente organizado as penas disciplinares previstas nos Estatutos ou Regulamento Interno;<br>f) \u2013 Administrar os bens e fundos do Clube, aplicando estes no cumprimento dos seus fins estatut\u00e1rios ou em outros empreendimentos de interesse para o desporto do Aeromodelismo;<br>g) \u2013 Elaborar, anualmente o relat\u00f3rio e contas da ger\u00eancia e distribui-lo aos s\u00f3cios pelo menos quinze dias antes da data fixada para a realiza\u00e7\u00e3o da Assembleia-geral;<br>h) \u2013 Elaborar, se o entender conveniente regulamenta\u00e7\u00e3o interna para qualquer das suas atividades;<br>i) \u2013 Discutir, analisar e p\u00f4r em execu\u00e7\u00e3o se assim o entender todas as sugest\u00f5es que lhe forem apresentadas.<\/p>\n\n\n\n<h5 class=\"wp-block-heading has-text-align-center\">Artigo 25\u00ba<\/h5>\n\n\n\n<p>Compete aos membros da Dire\u00e7\u00e3o:<br>a) \u2013 Presidente:<br>Representar a Dire\u00e7\u00e3o em todos os seus atos.<br>b) \u2013 Secret\u00e1rio: <br>Elaborar as atas e ordenar o arquivo.<br>c) \u2013 Arrecadar as receitas e efetuar as despesas aprovadas.<\/p>\n\n\n\n<h2 class=\"wp-block-heading has-text-align-center\"><em>SEC\u00c7\u00c3O VII<\/em><\/h2>\n\n\n\n<h5 class=\"wp-block-heading has-text-align-center\">COMISS\u00d5ES DE APOIO<\/h5>\n\n\n\n<p><br><\/p>\n\n\n\n<h5 class=\"wp-block-heading has-text-align-center\">Artigo 26\u00ba<\/h5>\n\n\n\n<p>Apode a Dire\u00e7\u00e3o, se o entender conveniente, nomear comiss\u00f5es com fins espec\u00edficos para o seu apoio.<\/p>\n\n\n\n<h5 class=\"wp-block-heading has-text-align-center\">Artigo 27\u00ba<\/h5>\n\n\n\n<p>As fun\u00e7\u00f5es das comiss\u00f5es referidas no artigo anterior extinguem-se conjuntamente com a Dire\u00e7\u00e3o que as nomeou.<\/p>\n\n\n\n<h2 class=\"wp-block-heading has-text-align-center\"><em>SEC\u00c7\u00c3O VIII<\/em><\/h2>\n\n\n\n<h5 class=\"wp-block-heading has-text-align-center\">CONSELHO FISCAL<\/h5>\n\n\n\n<h5 class=\"wp-block-heading has-text-align-center\">Artigo 28\u00ba<\/h5>\n\n\n\n<p>O Conselho Fiscal \u00e9 o \u00f3rg\u00e3o de inspe\u00e7\u00e3o e fiscaliza\u00e7\u00e3o administrativa do Clube.<br>a) \u2013 O Conselho Fiscal \u00e9 composto por um presidente, e dois vogais;<br>b) \u2013 O Conselho Fiscal reunir\u00e1 com a Dire\u00e7\u00e3o ou com qualquer \u00f3rg\u00e3o quando solicitado para tal;<br>c) \u2013 O Conselho Fiscal pode assistir \u00e0s reuni\u00f5es da Dire\u00e7\u00e3o.<\/p>\n\n\n\n<h5 class=\"wp-block-heading has-text-align-center\">Artigo 29\u00ba<\/h5>\n\n\n\n<p>Compete ao Conselho Fiscal:<br>a) \u2013 Inspecionar as contas do Clube e fiscalizar a execu\u00e7\u00e3o;<br>b) \u2013 Fiscalizar a escrita do Clube;<br>c) \u2013 Assistir \u00e0s reuni\u00f5es da Dire\u00e7\u00e3o sempre que o entenda ou quando por esta for convidado;<br>d) \u2013 Apreciar e emitir parecer sobre o relat\u00f3rio e contas da ger\u00eancia de cada ano social;<br>e) \u2013 Verificar o cumprimento das disposi\u00e7\u00f5es estatut\u00e1rias e regulamentares em mat\u00e9ria de ordem financeira;<\/p>\n\n\n\n<p><a href=\"#topo\">Voltar para o topo da p\u00e1gina<\/a><\/p>\n<\/div><\/div>\n\n<\/div><\/div>\n\n\n<p><\/p>\n","protected":false},"excerpt":{"rendered":"<p>Clube Aeromodelismo do Norte SEC\u00c7\u00c3O I Artigo 1\u00ba O Clube de Aeromodelismo do Norte \u00e9 uma pessoa coletiva dotada de personalidade jur\u00eddica, baseada na vontade dos seus s\u00f3cios, que tem por objetivo sem fins lucrativos, o fomento, a orienta\u00e7\u00e3o do Aeromodelismo da Regi\u00e3o, nos seus aspetos de Ensino, Treino e Competi\u00e7\u00e3o e na perspetiva do&#8230;<\/p>\n","protected":false},"author":1,"featured_media":0,"parent":0,"menu_order":0,"comment_status":"closed","ping_status":"closed","template":"","meta":{"_kad_post_transparent":"","_kad_post_title":"default","_kad_post_layout":"","_kad_post_sidebar_id":"","_kad_post_content_style":"","_kad_post_vertical_padding":"","_kad_post_feature":"","_kad_post_feature_position":"","_kad_post_header":false,"_kad_post_footer":false,"_kad_post_classname":"","footnotes":""},"class_list":["post-18","page","type-page","status-publish","hentry"],"_links":{"self":[{"href":"https:\/\/www.can.pt\/index.php\/wp-json\/wp\/v2\/pages\/18","targetHints":{"allow":["GET"]}}],"collection":[{"href":"https:\/\/www.can.pt\/index.php\/wp-json\/wp\/v2\/pages"}],"about":[{"href":"https:\/\/www.can.pt\/index.php\/wp-json\/wp\/v2\/types\/page"}],"author":[{"embeddable":true,"href":"https:\/\/www.can.pt\/index.php\/wp-json\/wp\/v2\/users\/1"}],"replies":[{"embeddable":true,"href":"https:\/\/www.can.pt\/index.php\/wp-json\/wp\/v2\/comments?post=18"}],"version-history":[{"count":0,"href":"https:\/\/www.can.pt\/index.php\/wp-json\/wp\/v2\/pages\/18\/revisions"}],"wp:attachment":[{"href":"https:\/\/www.can.pt\/index.php\/wp-json\/wp\/v2\/media?parent=18"}],"curies":[{"name":"wp","href":"https:\/\/api.w.org\/{rel}","templated":true}]}}